{"id":5060,"date":"2024-05-24T08:41:05","date_gmt":"2024-05-24T06:41:05","guid":{"rendered":"https:\/\/wordpress.vecurosoft.com\/kiddino\/?page_id=5060"},"modified":"2025-11-21T10:20:25","modified_gmt":"2025-11-21T10:20:25","slug":"progetto","status":"publish","type":"page","link":"https:\/\/www.arabafenice-pavarolo.it\/en\/progetto\/","title":{"rendered":"Project"},"content":{"rendered":"<div data-elementor-type=\"wp-page\" data-elementor-id=\"5060\" class=\"elementor elementor-5060\" data-elementor-post-type=\"page\">\n\t\t\t\t<div class=\"elementor-element elementor-element-f59905a e-con-full e-flex e-con e-parent\" data-id=\"f59905a\" data-element_type=\"container\" data-e-type=\"container\">\n\t\t<div class=\"elementor-element elementor-element-34f02b1 e-flex e-con-boxed e-con e-child\" data-id=\"34f02b1\" data-element_type=\"container\" data-e-type=\"container\">\n\t\t\t\t\t<div class=\"e-con-inner\">\n\t\t<div class=\"elementor-element elementor-element-413f87f e-con-full e-flex e-con e-child\" data-id=\"413f87f\" data-element_type=\"container\" data-e-type=\"container\">\n\t\t\t\t<div class=\"elementor-element elementor-element-027e81f elementor-widget elementor-widget-spacer\" data-id=\"027e81f\" data-element_type=\"widget\" data-e-type=\"widget\" data-widget_type=\"spacer.default\">\n\t\t\t\t\t\t\t<div class=\"elementor-spacer\">\n\t\t\t<div class=\"elementor-spacer-inner\"><\/div>\n\t\t<\/div>\n\t\t\t\t\t\t<\/div>\n\t\t\t\t<div class=\"elementor-element elementor-element-0963d90 elementor-widget elementor-widget-kiddinosectiontitle\" data-id=\"0963d90\" data-element_type=\"widget\" data-e-type=\"widget\" data-widget_type=\"kiddinosectiontitle.default\">\n\t\t\t\t<div class=\"elementor-widget-container\">\n\t\t\t\t\t<!-- Section Title --><div class=\"title-area\" ><h2 class=\"sec-title title-selector\">A symbol reborn <br><span>Araba Fenice<\/span><\/h2><p class=\"sec-text\">Dalla rinascita di un bene confiscato alla criminalit\u00e0 nasce un centro per la vita delle famiglie.<\/p><\/div><!-- End Section Title -->\t\t\t\t<\/div>\n\t\t\t\t<\/div>\n\t\t\t\t<\/div>\n\t\t\t\t\t<\/div>\n\t\t\t\t<\/div>\n\t\t<div class=\"elementor-element elementor-element-adab916 e-flex e-con-boxed e-con e-child\" data-id=\"adab916\" data-element_type=\"container\" data-e-type=\"container\">\n\t\t\t\t\t<div class=\"e-con-inner\">\n\t\t<div class=\"elementor-element elementor-element-b97fb8a e-con-full e-flex e-con e-child\" data-id=\"b97fb8a\" data-element_type=\"container\" data-e-type=\"container\">\n\t\t\t\t<div class=\"elementor-element elementor-element-0f6ae74 elementor-widget elementor-widget-text-editor\" data-id=\"0f6ae74\" data-element_type=\"widget\" data-e-type=\"widget\" data-widget_type=\"text-editor.default\">\n\t\t\t\t\t\t\t\t\t<div class=\"about-content5\"><h4 class=\"title\">Context and History<\/h4><p>In Pavarolo, at Via San Sebastiano 21\/b, a building once linked to organized crime has been transformed into a place of <strong data-start=\"519\" data-end=\"560\">community, listening, and growth.<\/strong>.<br data-start=\"561\" data-end=\"564\" \/>This is how <strong data-start=\"575\" data-end=\"593\">Araba Fenice was born:<\/strong>a new multifunctional center dedicated to children, young people, and families, made possible thanks to the support of the Piedmont Region and the PNRR \u2013 Next Generation EU. <strong data-start=\"702\" data-end=\"722\">Piedmont Region<\/strong> e del <strong data-start=\"729\" data-end=\"758\">PNRR \u2013 Next Generation EU<\/strong>.<br data-start=\"759\" data-end=\"762\" \/>A name that speaks for itself: the phoenix rising from the ashes, just like this space, which has evolved from a negative symbol into <strong data-start=\"883\" data-end=\"922\">a stronghold of legality and hope<\/strong><\/p><\/div>\t\t\t\t\t\t\t\t<\/div>\n\t\t\t\t<\/div>\n\t\t<div class=\"elementor-element elementor-element-45c4ff6 e-con-full e-flex e-con e-child\" data-id=\"45c4ff6\" data-element_type=\"container\" data-e-type=\"container\">\n\t\t\t\t<div class=\"elementor-element elementor-element-e10970c elementor-widget elementor-widget-image\" data-id=\"e10970c\" data-element_type=\"widget\" data-e-type=\"widget\" data-widget_type=\"image.default\">\n\t\t\t\t\t\t\t\t\t\t\t\t\t\t\t<img loading=\"lazy\" decoding=\"async\" width=\"1192\" height=\"1192\" src=\"https:\/\/www.arabafenice-pavarolo.it\/wp-content\/uploads\/2025\/10\/inaugurazione-pavarolo-araba-fenice-e1761568525343.jpg\" class=\"attachment-full size-full wp-image-6479\" alt=\"\" srcset=\"https:\/\/www.arabafenice-pavarolo.it\/wp-content\/uploads\/2025\/10\/inaugurazione-pavarolo-araba-fenice-e1761568525343.jpg 1192w, https:\/\/www.arabafenice-pavarolo.it\/wp-content\/uploads\/2025\/10\/inaugurazione-pavarolo-araba-fenice-e1761568525343-300x300.jpg 300w, https:\/\/www.arabafenice-pavarolo.it\/wp-content\/uploads\/2025\/10\/inaugurazione-pavarolo-araba-fenice-e1761568525343-100x100.jpg 100w, https:\/\/www.arabafenice-pavarolo.it\/wp-content\/uploads\/2025\/10\/inaugurazione-pavarolo-araba-fenice-e1761568525343-600x600.jpg 600w, https:\/\/www.arabafenice-pavarolo.it\/wp-content\/uploads\/2025\/10\/inaugurazione-pavarolo-araba-fenice-e1761568525343-1024x1024.jpg 1024w, https:\/\/www.arabafenice-pavarolo.it\/wp-content\/uploads\/2025\/10\/inaugurazione-pavarolo-araba-fenice-e1761568525343-150x150.jpg 150w, https:\/\/www.arabafenice-pavarolo.it\/wp-content\/uploads\/2025\/10\/inaugurazione-pavarolo-araba-fenice-e1761568525343-768x768.jpg 768w, https:\/\/www.arabafenice-pavarolo.it\/wp-content\/uploads\/2025\/10\/inaugurazione-pavarolo-araba-fenice-e1761568525343-230x230.jpg 230w\" sizes=\"auto, (max-width: 1192px) 100vw, 1192px\" \/>\t\t\t\t\t\t\t\t\t\t\t\t\t\t\t<\/div>\n\t\t\t\t<\/div>\n\t\t\t\t\t<\/div>\n\t\t\t\t<\/div>\n\t\t<div class=\"elementor-element elementor-element-fbc8dd8 e-flex e-con-boxed e-con e-child\" data-id=\"fbc8dd8\" data-element_type=\"container\" data-e-type=\"container\">\n\t\t\t\t\t<div class=\"e-con-inner\">\n\t\t<div class=\"elementor-element elementor-element-877ba25 e-con-full e-flex e-con e-child\" data-id=\"877ba25\" data-element_type=\"container\" data-e-type=\"container\">\n\t\t\t\t<div class=\"elementor-element elementor-element-3faacc0 elementor-widget elementor-widget-kiddinovideoarea\" data-id=\"3faacc0\" data-element_type=\"widget\" data-e-type=\"widget\" data-widget_type=\"kiddinovideoarea.default\">\n\t\t\t\t<div class=\"elementor-widget-container\">\n\t\t\t\t\t<div class=\"service-video position-relative\"><img decoding=\"async\" loading=\"lazy\" src=\"https:\/\/www.arabafenice-pavarolo.it\/wp-content\/uploads\/2025\/10\/araba-fenice-logo-negativo-con-cerchio-scaled.png\" alt=\"araba fenice logo negativo con cerchio scaled\"  class=\"w-100\" \/><\/div>\t\t\t\t<\/div>\n\t\t\t\t<\/div>\n\t\t\t\t<\/div>\n\t\t<div class=\"elementor-element elementor-element-4574977 e-con-full e-flex e-con e-child\" data-id=\"4574977\" data-element_type=\"container\" data-e-type=\"container\">\n\t\t\t\t<div class=\"elementor-element elementor-element-b27f70d elementor-widget elementor-widget-heading\" data-id=\"b27f70d\" data-element_type=\"widget\" data-e-type=\"widget\" data-widget_type=\"heading.default\">\n\t\t\t\t\t<h2 class=\"elementor-heading-title elementor-size-default\"><h2 style=\"margin-top: 0px\"><span style=\"font-size: 50px;font-weight: 700\">Project<\/span><span style=\"font-size: 50px;font-weight: 700\"><\/span><\/h2><\/h2>\t\t\t\t<\/div>\n\t\t\t\t<div class=\"elementor-element elementor-element-c5e926e elementor-widget elementor-widget-text-editor\" data-id=\"c5e926e\" data-element_type=\"widget\" data-e-type=\"widget\" data-widget_type=\"text-editor.default\">\n\t\t\t\t\t\t\t\t\t<p data-start=\"945\" data-end=\"1412\">The Municipality of Pavarolo has repurposed a confiscated building to create a <strong data-start=\"1019\" data-end=\"1072\">multifunctional center for family services<\/strong>.<br data-start=\"1073\" data-end=\"1076\" \/>Today, the ground floor hosts <strong data-start=\"1103\" data-end=\"1119\">Araba Fenice<\/strong>, an open, welcoming, and dynamic space where people can meet, share experiences, and receive professional support.<br data-start=\"1243\" data-end=\"1246\" \/>On the upper floors, <strong data-start=\"1289\" data-end=\"1330\">the town\u2019s first public nursery is taking shape,<\/strong>providing an essential service for new generations and local parents.<\/p>\t\t\t\t\t\t\t\t<\/div>\n\t\t\t\t<div class=\"elementor-element elementor-element-a503d69 elementor-widget elementor-widget-text-editor\" data-id=\"a503d69\" data-element_type=\"widget\" data-e-type=\"widget\" data-widget_type=\"text-editor.default\">\n\t\t\t\t\t\t\t\t\t<p>The Araba Fenice project is more than just a construction initiative, it is an <strong data-start=\"2190\" data-end=\"2214\">act of civic regeneration<\/strong>.<br data-start=\"2215\" data-end=\"2218\" \/>Every space tells a story of redemption: <strong data-start=\"2263\" data-end=\"2334\">from a place of illegality to a hub for gathering, growth, and solidarity.<\/strong><br data-start=\"2334\" data-end=\"2337\" \/>It is a center where families, associations, and institutions work together to build a stronger, more aware, and supportive community.<\/p>\t\t\t\t\t\t\t\t<\/div>\n\t\t\t\t<\/div>\n\t\t\t\t\t<\/div>\n\t\t\t\t<\/div>\n\t\t\t\t<\/div>\n\t\t<div class=\"elementor-element elementor-element-d9d50a3 e-con-full e-flex e-con e-parent\" data-id=\"d9d50a3\" data-element_type=\"container\" data-e-type=\"container\">\n\t\t<div class=\"elementor-element elementor-element-c4f4d48 e-flex e-con-boxed e-con e-child\" data-id=\"c4f4d48\" data-element_type=\"container\" data-e-type=\"container\">\n\t\t\t\t\t<div class=\"e-con-inner\">\n\t\t<div class=\"elementor-element elementor-element-62219de e-con-full e-flex e-con e-child\" data-id=\"62219de\" data-element_type=\"container\" data-e-type=\"container\">\n\t\t\t\t<div class=\"elementor-element elementor-element-27089da elementor-widget elementor-widget-kiddinocounter\" data-id=\"27089da\" data-element_type=\"widget\" data-e-type=\"widget\" data-widget_type=\"kiddinocounter.default\">\n\t\t\t\t<div class=\"elementor-widget-container\">\n\t\t\t\t\t<div class=\"counter-box\"><div class=\"fun-icon\"><img decoding=\"async\" loading=\"lazy\" src=\"https:\/\/www.arabafenice-pavarolo.it\/wp-content\/uploads\/2025\/06\/ab-ele-8-2.svg\" alt=\"ab ele 8 2\"  \/><\/div><div class=\"content\"><div class=\"persent\"><span class=\"counter\" data-counterup-time=\"1500\" data-counterup-delay=\"3000\" data-counterup-beginat=\"0\">1<\/span><\/div><h6 class=\"counter-title\">Confiscated property<\/h6><\/div><\/div>\t\t\t\t<\/div>\n\t\t\t\t<\/div>\n\t\t\t\t<\/div>\n\t\t<div class=\"elementor-element elementor-element-4682eef e-con-full e-flex e-con e-child\" data-id=\"4682eef\" data-element_type=\"container\" data-e-type=\"container\">\n\t\t\t\t<div class=\"elementor-element elementor-element-40b8467 elementor-widget elementor-widget-kiddinocounter\" data-id=\"40b8467\" data-element_type=\"widget\" data-e-type=\"widget\" data-widget_type=\"kiddinocounter.default\">\n\t\t\t\t<div class=\"elementor-widget-container\">\n\t\t\t\t\t<div class=\"counter-box\"><div class=\"fun-icon\"><img decoding=\"async\" loading=\"lazy\" src=\"https:\/\/www.arabafenice-pavarolo.it\/wp-content\/uploads\/2024\/05\/enr1-1.svg\" alt=\"enr1 1\"  \/><\/div><div class=\"content\"><div class=\"persent\"><span class=\"counter\" data-counterup-time=\"1500\" data-counterup-delay=\"3000\" data-counterup-beginat=\"0\">+10<\/span><\/div><h6 class=\"counter-title\">Associations <\/h6><\/div><\/div>\t\t\t\t<\/div>\n\t\t\t\t<\/div>\n\t\t\t\t<\/div>\n\t\t<div class=\"elementor-element elementor-element-4a4380b e-con-full e-flex e-con e-child\" data-id=\"4a4380b\" data-element_type=\"container\" data-e-type=\"container\">\n\t\t\t\t<div class=\"elementor-element elementor-element-ce652bd elementor-widget elementor-widget-kiddinocounter\" data-id=\"ce652bd\" data-element_type=\"widget\" data-e-type=\"widget\" data-widget_type=\"kiddinocounter.default\">\n\t\t\t\t<div class=\"elementor-widget-container\">\n\t\t\t\t\t<div class=\"counter-box\"><div class=\"fun-icon\"><img decoding=\"async\" loading=\"lazy\" src=\"https:\/\/www.arabafenice-pavarolo.it\/wp-content\/uploads\/2024\/05\/enr1-2.svg\" alt=\"enr1 2\"  \/><\/div><div class=\"content\"><div class=\"persent\"><span class=\"counter\" data-counterup-time=\"1500\" data-counterup-delay=\"3000\" data-counterup-beginat=\"0\">500<\/span><\/div><h6 class=\"counter-title\">Involved families<\/h6><\/div><\/div>\t\t\t\t<\/div>\n\t\t\t\t<\/div>\n\t\t\t\t<\/div>\n\t\t<div class=\"elementor-element elementor-element-144932a e-con-full e-flex e-con e-child\" data-id=\"144932a\" data-element_type=\"container\" data-e-type=\"container\">\n\t\t\t\t<div class=\"elementor-element elementor-element-951f461 elementor-widget elementor-widget-kiddinocounter\" data-id=\"951f461\" data-element_type=\"widget\" data-e-type=\"widget\" data-widget_type=\"kiddinocounter.default\">\n\t\t\t\t<div class=\"elementor-widget-container\">\n\t\t\t\t\t<div class=\"counter-box\"><div class=\"fun-icon\"><img decoding=\"async\" loading=\"lazy\" src=\"https:\/\/www.arabafenice-pavarolo.it\/wp-content\/uploads\/2023\/08\/c-b-1-3.svg\" alt=\"c b 1 3\"  \/><\/div><div class=\"content\"><div class=\"persent\"><span class=\"counter\" data-counterup-time=\"1500\" data-counterup-delay=\"3000\" data-counterup-beginat=\"0\">5<\/span><\/div><h6 class=\"counter-title\">Years of regeneration<\/h6><\/div><\/div>\t\t\t\t<\/div>\n\t\t\t\t<\/div>\n\t\t\t\t<\/div>\n\t\t\t\t\t<\/div>\n\t\t\t\t<\/div>\n\t\t\t\t<\/div>\n\t\t<div class=\"elementor-element elementor-element-9ebd7bc e-con-full e-flex e-con e-parent\" data-id=\"9ebd7bc\" data-element_type=\"container\" data-e-type=\"container\" data-settings=\"{&quot;background_background&quot;:&quot;classic&quot;}\">\n\t\t<div class=\"elementor-element elementor-element-2aeb206 e-flex e-con-boxed e-con e-child\" data-id=\"2aeb206\" data-element_type=\"container\" data-e-type=\"container\">\n\t\t\t\t\t<div class=\"e-con-inner\">\n\t\t<div class=\"elementor-element elementor-element-48e9601 e-con-full e-flex e-con e-child\" data-id=\"48e9601\" data-element_type=\"container\" data-e-type=\"container\">\n\t\t\t\t<div class=\"elementor-element elementor-element-d1c7697 elementor-widget elementor-widget-image\" data-id=\"d1c7697\" data-element_type=\"widget\" data-e-type=\"widget\" data-widget_type=\"image.default\">\n\t\t\t\t\t\t\t\t\t\t\t\t\t\t\t<img decoding=\"async\" src=\"https:\/\/www.arabafenice-pavarolo.it\/wp-content\/uploads\/elementor\/thumbs\/20250629_105229-scaled-rdx8pxdup7uilj0tg7ah824cbsib88vx9vwrk5mj3c.jpg\" title=\"\" alt=\"\" loading=\"lazy\" \/>\t\t\t\t\t\t\t\t\t\t\t\t\t\t\t<\/div>\n\t\t\t\t<\/div>\n\t\t<div class=\"elementor-element elementor-element-dbf590c e-con-full e-flex e-con e-child\" data-id=\"dbf590c\" data-element_type=\"container\" data-e-type=\"container\">\n\t\t\t\t<div class=\"elementor-element elementor-element-ed42a7b elementor-widget elementor-widget-kiddinosectiontitle\" data-id=\"ed42a7b\" data-element_type=\"widget\" data-e-type=\"widget\" data-widget_type=\"kiddinosectiontitle.default\">\n\t\t\t\t<div class=\"elementor-widget-container\">\n\t\t\t\t\t<!-- Section Title --><div class=\"title-area\" ><span class=\"sec-subtitle\">A multi-functional centre for all citizens<\/span><h2 class=\"sec-title title-selector\">What you\u2019ll find at Araba Fenice<\/h2><\/div><!-- End Section Title -->\t\t\t\t<\/div>\n\t\t\t\t<\/div>\n\t\t<div class=\"elementor-element elementor-element-317dbeb e-con-full e-flex e-con e-child\" data-id=\"317dbeb\" data-element_type=\"container\" data-e-type=\"container\">\n\t\t<div class=\"elementor-element elementor-element-f4d4019 e-con-full e-flex e-con e-child\" data-id=\"f4d4019\" data-element_type=\"container\" data-e-type=\"container\">\n\t\t\t\t<div class=\"elementor-element elementor-element-2d27e10 elementor-widget elementor-widget-text-editor\" data-id=\"2d27e10\" data-element_type=\"widget\" data-e-type=\"widget\" data-widget_type=\"text-editor.default\">\n\t\t\t\t\t\t\t\t\t<ul data-start=\"1453\" data-end=\"2073\"><li data-start=\"1453\" data-end=\"1594\"><p data-start=\"1455\" data-end=\"1594\"><strong data-start=\"1455\" data-end=\"1475\">A listening centre<\/strong> for parents, women, families, and young people, staffed by experienced professionals and offering psychological, social, and legal support.<\/p><\/li><li data-start=\"1595\" data-end=\"1753\"><p data-start=\"1597\" data-end=\"1753\"><strong data-start=\"1597\" data-end=\"1636\">Intergenerational spaces<\/strong>where grandparents and children share games, stories, and traditions to keep the bond between past and future alive.<\/p><\/li><li data-start=\"1754\" data-end=\"1910\"><p data-start=\"1756\" data-end=\"1910\"><strong data-start=\"1756\" data-end=\"1799\">Workshops and courses open to the community<\/strong>, focused on art, culture, music, and creativity, designed to encourage participation and inclusion.<\/p><\/li><li data-start=\"1911\" data-end=\"2073\"><p data-start=\"1913\" data-end=\"2073\"><strong data-start=\"1913\" data-end=\"1958\">Educational and awareness activities<\/strong> on legality, active citizenship, and the importance of giving back to the community what was once taken away.<\/p><\/li><\/ul>\t\t\t\t\t\t\t\t<\/div>\n\t\t\t\t<\/div>\n\t\t\t\t<\/div>\n\t\t\t\t<\/div>\n\t\t\t\t\t<\/div>\n\t\t\t\t<\/div>\n\t\t\t\t<\/div>\n\t\t<div class=\"elementor-element elementor-element-664a4a0 e-con-full e-flex e-con e-parent\" data-id=\"664a4a0\" data-element_type=\"container\" data-e-type=\"container\">\n\t\t<div class=\"elementor-element elementor-element-a110bba e-flex e-con-boxed e-con e-child\" data-id=\"a110bba\" data-element_type=\"container\" data-e-type=\"container\">\n\t\t\t\t\t<div class=\"e-con-inner\">\n\t\t<div class=\"elementor-element elementor-element-83e5f8c e-con-full e-flex e-con e-child\" data-id=\"83e5f8c\" data-element_type=\"container\" data-e-type=\"container\">\n\t\t\t\t<div class=\"elementor-element elementor-element-aa849d3 elementor-widget elementor-widget-kiddinosectiontitle\" data-id=\"aa849d3\" data-element_type=\"widget\" data-e-type=\"widget\" data-widget_type=\"kiddinosectiontitle.default\">\n\t\t\t\t<div class=\"elementor-widget-container\">\n\t\t\t\t\t<!-- Section Title --><div class=\"title-area\" ><span class=\"sec-subtitle\">A property that is returned to the community<\/span><h2 class=\"sec-title title-selector\">A property that is returned to the community<\/h2><\/div><!-- End Section Title -->\t\t\t\t<\/div>\n\t\t\t\t<\/div>\n\t\t\t\t<div class=\"elementor-element elementor-element-61b9791 elementor-widget elementor-widget-kiddinohistorybox\" data-id=\"61b9791\" data-element_type=\"widget\" data-e-type=\"widget\" data-widget_type=\"kiddinohistorybox.default\">\n\t\t\t\t<div class=\"elementor-widget-container\">\n\t\t\t\t\t        <div class=\"row\">\n                            <div class=\"col-md-6 col-xl-3 feature-style4\">\n                    <div class=\"feature-body\">\n                                                    <span class=\"feature-year\">\n                                2020                            <\/span>\n                                                                            <h3 class=\"feature-title h5\">\n                                 Confiscation and allocation                            <\/h3>\n                                                                            <p class=\"feature-text\">\n                                The property at Via San Sebastiano 21\/B, a villa of illicit origin, was permanently confiscated from organised crime and entrusted to the Municipality of Pavarolo for social purposes.                            <\/p>\n                                                                            <div class=\"feature-img\">\n                                <img decoding=\"async\" loading=\"lazy\" src=\"https:\/\/www.arabafenice-pavarolo.it\/wp-content\/uploads\/2025\/11\/20240719_172456-1-scaled.jpg\" alt=\"feature\"  \/>                            <\/div>\n                                            <\/div>\n                <\/div>\n                            <div class=\"col-md-6 col-xl-3 feature-style4\">\n                    <div class=\"feature-body\">\n                                                    <span class=\"feature-year\">\n                                2022                            <\/span>\n                                                                            <h3 class=\"feature-title h5\">\n                                The birth of the project                            <\/h3>\n                                                                            <p class=\"feature-text\">\n                                The Municipality, together with the Piedmont Region, the Chierese Social Services Consortium, and various local associations, presents the regeneration project: this is how the idea of the \u201cAraba Fenice\u201d Multifunctional Center was born.                            <\/p>\n                                                                            <div class=\"feature-img\">\n                                <img decoding=\"async\" loading=\"lazy\" src=\"https:\/\/www.arabafenice-pavarolo.it\/wp-content\/uploads\/2025\/11\/20250519_084928-scaled.jpg\" alt=\"feature\"  \/>                            <\/div>\n                                            <\/div>\n                <\/div>\n                            <div class=\"col-md-6 col-xl-3 feature-style4\">\n                    <div class=\"feature-body\">\n                                                    <span class=\"feature-year\">\n                                2023                            <\/span>\n                                                                            <h3 class=\"feature-title h5\">\n                                 Beginning construction                            <\/h3>\n                                                                            <p class=\"feature-text\">\n                                Thanks to the PNRR \u2013 Mission 4.9 funds and regional contributions, the conversion works have begun, including seismic upgrades and structural reinforcement, the construction of the new municipal micro-nursery, and the design of the social spaces on the ground floor.                            <\/p>\n                                                                            <div class=\"feature-img\">\n                                <img decoding=\"async\" loading=\"lazy\" src=\"https:\/\/www.arabafenice-pavarolo.it\/wp-content\/uploads\/2025\/11\/20240131-WA0014.jpg\" alt=\"feature\"  \/>                            <\/div>\n                                            <\/div>\n                <\/div>\n                            <div class=\"col-md-6 col-xl-3 feature-style4\">\n                    <div class=\"feature-body\">\n                                                    <span class=\"feature-year\">\n                                2025                            <\/span>\n                                                                            <h3 class=\"feature-title h5\">\n                                Inauguration                            <\/h3>\n                                                                            <p class=\"feature-text\">\n                                On May 30, 2025, Araba Fenice reopens to be returned to the community \u2013 a place where the community is reborn, and bonds, values, and the future can grow.\n                            <\/p>\n                                                                            <div class=\"feature-img\">\n                                <img decoding=\"async\" loading=\"lazy\" src=\"https:\/\/www.arabafenice-pavarolo.it\/wp-content\/uploads\/2025\/11\/1.png\" alt=\"feature\"  \/>                            <\/div>\n                                            <\/div>\n                <\/div>\n                    <\/div>\n\t\t\t\t\t<\/div>\n\t\t\t\t<\/div>\n\t\t\t\t<\/div>\n\t\t\t\t\t<\/div>\n\t\t\t\t<\/div>\n\t\t\t\t<\/div>\n\t\t\t\t<\/div>","protected":false},"excerpt":{"rendered":"<p>Un simbolo che rinasce Araba Fenice Dalla rinascita di un bene confiscato alla criminalit\u00e0 nasce un centro per la vita delle famiglie. Contesto e storia A Pavarolo, in Via San Sebastiano 21\/b, un edificio un tempo appartenente alla criminalit\u00e0 organizzata si trasforma in un luogo di comunit\u00e0, ascolto e crescita.Nasce cos\u00ec \u201cAraba Fenice\u201d, il nuovo&#8230;<\/p>","protected":false},"author":1,"featured_media":0,"parent":0,"menu_order":0,"comment_status":"closed","ping_status":"closed","template":"template-builder.php","meta":{"postBodyCss":"","postBodyMargin":[],"postBodyPadding":[],"postBodyBackground":{"backgroundType":"classic","gradient":""},"footnotes":""},"class_list":["post-5060","page","type-page","status-publish","hentry"],"aioseo_notices":[],"_links":{"self":[{"href":"https:\/\/www.arabafenice-pavarolo.it\/en\/wp-json\/wp\/v2\/pages\/5060","targetHints":{"allow":["GET"]}}],"collection":[{"href":"https:\/\/www.arabafenice-pavarolo.it\/en\/wp-json\/wp\/v2\/pages"}],"about":[{"href":"https:\/\/www.arabafenice-pavarolo.it\/en\/wp-json\/wp\/v2\/types\/page"}],"author":[{"embeddable":true,"href":"https:\/\/www.arabafenice-pavarolo.it\/en\/wp-json\/wp\/v2\/users\/1"}],"replies":[{"embeddable":true,"href":"https:\/\/www.arabafenice-pavarolo.it\/en\/wp-json\/wp\/v2\/comments?post=5060"}],"version-history":[{"count":27,"href":"https:\/\/www.arabafenice-pavarolo.it\/en\/wp-json\/wp\/v2\/pages\/5060\/revisions"}],"predecessor-version":[{"id":7803,"href":"https:\/\/www.arabafenice-pavarolo.it\/en\/wp-json\/wp\/v2\/pages\/5060\/revisions\/7803"}],"wp:attachment":[{"href":"https:\/\/www.arabafenice-pavarolo.it\/en\/wp-json\/wp\/v2\/media?parent=5060"}],"curies":[{"name":"wp","href":"https:\/\/api.w.org\/{rel}","templated":true}]}}